{"version":"1.0","provider_name":"Blog do Daniel Galv\u00e3o","provider_url":"https:\/\/blogdodanielgalvao.com.br\/site","title":"Cidade elege conselheiros de Pol\u00edtica Urbana - Blog do Daniel Galv\u00e3o","type":"rich","width":600,"height":338,"html":"<blockquote class=\"wp-embedded-content\" data-secret=\"Su6dgkUNjG\"><a href=\"https:\/\/blogdodanielgalvao.com.br\/site\/cidade-elege-conselheiros-de-politica-urbana\/\">Cidade elege conselheiros de Pol\u00edtica Urbana<\/a><\/blockquote><iframe sandbox=\"allow-scripts\" security=\"restricted\" src=\"https:\/\/blogdodanielgalvao.com.br\/site\/cidade-elege-conselheiros-de-politica-urbana\/embed\/#?secret=Su6dgkUNjG\" width=\"600\" height=\"338\" title=\"&#8220;Cidade elege conselheiros de Pol\u00edtica Urbana&#8221; &#8212; Blog do Daniel Galv\u00e3o\" data-secret=\"Su6dgkUNjG\" frameborder=\"0\" marginwidth=\"0\" marginheight=\"0\" scrolling=\"no\" class=\"wp-embedded-content\"><\/iframe><script type=\"text\/javascript\">\n\/* <![CDATA[ *\/\n\/*! This file is auto-generated *\/\n!function(d,l){\"use strict\";l.querySelector&&d.addEventListener&&\"undefined\"!=typeof URL&&(d.wp=d.wp||{},d.wp.receiveEmbedMessage||(d.wp.receiveEmbedMessage=function(e){var t=e.data;if((t||t.secret||t.message||t.value)&&!\/[^a-zA-Z0-9]\/.test(t.secret)){for(var s,r,n,a=l.querySelectorAll('iframe[data-secret=\"'+t.secret+'\"]'),o=l.querySelectorAll('blockquote[data-secret=\"'+t.secret+'\"]'),c=new RegExp(\"^https?:$\",\"i\"),i=0;i<o.length;i++)o[i].style.display=\"none\";for(i=0;i<a.length;i++)s=a[i],e.source===s.contentWindow&&(s.removeAttribute(\"style\"),\"height\"===t.message?(1e3<(r=parseInt(t.value,10))?r=1e3:~~r<200&&(r=200),s.height=r):\"link\"===t.message&&(r=new URL(s.getAttribute(\"src\")),n=new URL(t.value),c.test(n.protocol))&&n.host===r.host&&l.activeElement===s&&(d.top.location.href=t.value))}},d.addEventListener(\"message\",d.wp.receiveEmbedMessage,!1),l.addEventListener(\"DOMContentLoaded\",function(){for(var e,t,s=l.querySelectorAll(\"iframe.wp-embedded-content\"),r=0;r<s.length;r++)(t=(e=s[r]).getAttribute(\"data-secret\"))||(t=Math.random().toString(36).substring(2,12),e.src+=\"#?secret=\"+t,e.setAttribute(\"data-secret\",t)),e.contentWindow.postMessage({message:\"ready\",secret:t},\"*\")},!1)))}(window,document);\n\/\/# sourceURL=https:\/\/blogdodanielgalvao.com.br\/site\/wp-includes\/js\/wp-embed.min.js\n\/* ]]> *\/\n<\/script>\n","thumbnail_url":"https:\/\/blogdodanielgalvao.com.br\/site\/wp-content\/uploads\/2024\/07\/cidade-elege-conselheiros-de-politicas-urbanas-2\u00b0-conferencia-municipal-das-cidades-foto-matheus-muller-8.jpg","thumbnail_width":900,"thumbnail_height":505,"description":"J\u00e1 foram escolhidos os titulares e suplentes do Conselho Municipal de Pol\u00edtica Urbana de Rio das Ostras (Compuro) e tamb\u00e9m os oito delegados da Sociedade Civil organizada que v\u00e3o representar o Munic\u00edpio na 6\u00aa Confer\u00eancia Nacional das Cidades. A elei\u00e7\u00e3o aconteceu durante a 2\u00aa Confer\u00eancia Municipal das Cidades, realizada no dia 29 de junho, na [&hellip;]"}